{"id":29391,"date":"2026-08-14T11:32:31","date_gmt":"2026-08-14T11:32:31","guid":{"rendered":"https:\/\/krkevents.com\/dogadjanje\/homo-na-jidra-2026-2\/"},"modified":"2026-08-21T17:29:00","modified_gmt":"2026-08-21T17:29:00","slug":"homo-na-jidra-2026-2","status":"publish","type":"tribe_events","link":"https:\/\/krkevents.com\/en\/event\/homo-na-jidra-2026-2\/","title":{"rendered":"Homo na jidra 2026."},"content":{"rendered":"<div class=\"qMYqUG_convSearchResultHighlightRoot\">\n<div class=\"\" data-turn-id-container=\"request-6a7eaddf-4da0-83ed-a8df-9a749e610eab-5\" data-is-intersecting=\"true\">\n<section class=\"text-token-text-primary w-full focus:outline-none has-data-writing-block:pointer-events-none [&amp;:has([data-writing-block])&gt;*]:pointer-events-auto R6Vx5W_threadScrollVars scroll-mb-[calc(var(--scroll-root-safe-area-inset-bottom,0px)+var(--thread-response-height))] scroll-mt-[calc(var(--header-height)+min(200px,max(70px,20svh)))]\" dir=\"auto\" data-turn-id=\"request-6a7eaddf-4da0-83ed-a8df-9a749e610eab-5\" data-turn-id-container=\"request-6a7eaddf-4da0-83ed-a8df-9a749e610eab-5\" data-testid=\"conversation-turn-16\" data-turn=\"assistant\">\n<div class=\"text-base my-auto mx-auto pb-8 [--thread-content-margin:var(--thread-content-margin-xs,calc(var(--spacing)*4))] @w-sm\/main:[--thread-content-margin:var(--thread-content-margin-sm,calc(var(--spacing)*6))] @w-lg\/main:[--thread-content-margin:var(--thread-content-margin-lg,calc(var(--spacing)*16))] px-(--thread-content-margin)\">\n<div class=\"[--thread-content-max-width:40rem] @w-lg\/main:[--thread-content-max-width:48rem] mx-auto max-w-(--thread-content-max-width) flex-1 group\/turn-messages focus-visible:outline-hidden relative flex w-full min-w-0 flex-col agent-turn\" data-conversation-screenshot-content=\"\">\n<div class=\"flex max-w-full flex-col gap-4 grow\">\n<div class=\"min-h-8 text-message relative flex w-full flex-col items-end gap-2 text-start break-words whitespace-normal outline-none keyboard-focused:focus-ring [.text-message+&amp;]:mt-1\" dir=\"auto\" data-message-author-role=\"assistant\" data-message-id=\"df748c03-81b8-4f41-a1be-b3c809f14a6e\" data-message-model-slug=\"gpt-5-6\" data-turn-start-message=\"true\">\n<div class=\"flex w-full flex-col gap-1 empty:hidden\">\n<div class=\"markdown prose dark:prose-invert wrap-break-word w-full light markdown-new-styling\">\n<h1 class=\"PDq2pG_selectionAnchorContainer\" data-section-id=\"uc45vh\" data-start=\"0\" data-end=\"38\">Homo na jidra 2026 \u2013 Event Programme<\/h1>\n<p data-start=\"40\" data-end=\"415\">From <strong data-start=\"45\" data-end=\"78\">28 August to 6 September 2026<\/strong>, Malinska will once again celebrate the sea, tradition and maritime heritage. <strong data-start=\"157\" data-end=\"179\">Homo na jidra 2026<\/strong> brings a rich multi-day programme featuring regattas of traditional boats and sailing cruisers, workshops in maritime and boatbuilding skills, exhibitions, lectures, demonstration sailing, as well as evening festivities and live music.<\/p>\n<p data-start=\"417\" data-end=\"554\">Special emphasis is placed on <strong data-start=\"447\" data-end=\"505\">preserving and showcasing the local maritime tradition<\/strong>, with activities and events for all generations.<\/p>\n<h3 data-section-id=\"1j4steo\" data-start=\"556\" data-end=\"577\">FRIDAY, 28 AUGUST<\/h3>\n<p data-start=\"579\" data-end=\"711\"><strong data-start=\"579\" data-end=\"588\">19:00<\/strong> \u2013 Opening of \u201cHomo na jidra\u201d 2026; <strong data-start=\"624\" data-end=\"649\">\u201cExhibition of Knots\u201d<\/strong>, Damir Vi\u0161i\u0107<br data-start=\"662\" data-end=\"665\" \/>DUBoak Maritime Heritage Interpretation Centre<\/p>\n<p data-start=\"713\" data-end=\"809\"><strong data-start=\"713\" data-end=\"728\">20:00\u201321:00<\/strong> \u2013 <strong data-start=\"731\" data-end=\"753\">\u201cThe Art of Knots\u201d<\/strong> \u2013 seamanship skills workshop<br data-start=\"782\" data-end=\"785\" \/>Ivana Klobu\u010dari\u0107a Square<\/p>\n<h3 data-section-id=\"3jiopp\" data-start=\"811\" data-end=\"834\">SATURDAY, 29 AUGUST<\/h3>\n<p data-start=\"836\" data-end=\"911\"><strong data-start=\"836\" data-end=\"845\">10:00<\/strong> \u2013 <strong data-start=\"848\" data-end=\"870\">28th Duba\u0161nica Cup<\/strong> \u2013 opening of the sailing cruiser regatta<\/p>\n<p data-start=\"913\" data-end=\"1015\"><strong data-start=\"913\" data-end=\"922\">20:00<\/strong> \u2013 Fishermen\u2019s Festival with a live performance by <strong data-start=\"973\" data-end=\"988\">Aurora Band<\/strong><br data-start=\"988\" data-end=\"991\" \/>Ivana Klobu\u010dari\u0107a Square<\/p>\n<h3 data-section-id=\"d354rg\" data-start=\"1017\" data-end=\"1038\">SUNDAY, 30 AUGUST<\/h3>\n<p data-start=\"1040\" data-end=\"1145\"><strong data-start=\"1040\" data-end=\"1049\">15:00<\/strong> \u2013 <strong data-start=\"1052\" data-end=\"1074\">28th Duba\u0161nica Cup<\/strong> \u2013 conclusion of the sailing cruiser regatta<br data-start=\"1118\" data-end=\"1121\" \/>Ivana Klobu\u010dari\u0107a Square<\/p>\n<h3 data-section-id=\"39xlbt\" data-start=\"1147\" data-end=\"1168\">MONDAY, 31 AUGUST<\/h3>\n<p data-start=\"1170\" data-end=\"1255\"><strong data-start=\"1170\" data-end=\"1179\">16:00<\/strong> \u2013 Viareggio tartana <strong data-start=\"1200\" data-end=\"1213\">\u201cTartana\u201d<\/strong> \u2013 demonstration sailing<br data-start=\"1237\" data-end=\"1240\" \/>Malinska waters<\/p>\n<p data-start=\"1257\" data-end=\"1403\"><strong data-start=\"1257\" data-end=\"1266\">20:00<\/strong> \u2013 <strong data-start=\"1269\" data-end=\"1286\">\u0160RD Lastavica<\/strong> \u2013 ceremonial session marking the association\u2019s <strong data-start=\"1334\" data-end=\"1354\">70th anniversary<\/strong><br data-start=\"1354\" data-end=\"1357\" \/>DUBoak Maritime Heritage Interpretation Centre<\/p>\n<h3 data-section-id=\"s7w6kf\" data-start=\"1405\" data-end=\"1429\">TUESDAY, 1 SEPTEMBER<\/h3>\n<p data-start=\"1431\" data-end=\"1488\"><strong data-start=\"1431\" data-end=\"1440\">19:00<\/strong> \u2013 Boatbuilding skills workshop \u2013 Franko Kralji\u0107<\/p>\n<p data-start=\"1490\" data-end=\"1541\"><strong data-start=\"1490\" data-end=\"1499\">19:00<\/strong> \u2013 Rope-making workshop \u2013 \u017deljko Skomer\u0161i\u0107<\/p>\n<p data-start=\"1543\" data-end=\"1616\"><strong data-start=\"1543\" data-end=\"1552\">19:00<\/strong> \u2013 Traditional <em data-start=\"1567\" data-end=\"1572\">brk<\/em> and <em data-start=\"1577\" data-end=\"1585\">pajeta<\/em> weaving workshop \u2013 Ivan Longin<\/p>\n<p data-start=\"1618\" data-end=\"1671\"><strong data-start=\"1618\" data-end=\"1627\">19:00<\/strong> \u2013 Wooden boat rowing workshop \u2013 Ivo Bogovi\u0107<\/p>\n<p data-start=\"1673\" data-end=\"1697\">Ivana Klobu\u010dari\u0107a Square<\/p>\n<h3 data-section-id=\"1womn9h\" data-start=\"1699\" data-end=\"1725\">WEDNESDAY, 2 SEPTEMBER<\/h3>\n<p data-start=\"1727\" data-end=\"1819\"><strong data-start=\"1727\" data-end=\"1742\">10:00\u201312:00<\/strong> \u2013 Rope-making workshop for children \u2013 Ivan Longin<br data-start=\"1792\" data-end=\"1795\" \/>Ivana Klobu\u010dari\u0107a Square<\/p>\n<p data-start=\"1821\" data-end=\"1906\"><strong data-start=\"1821\" data-end=\"1830\">16:00<\/strong> \u2013 Viareggio tartana <strong data-start=\"1851\" data-end=\"1864\">\u201cTartana\u201d<\/strong> \u2013 demonstration sailing<br data-start=\"1888\" data-end=\"1891\" \/>Malinska waters<\/p>\n<p data-start=\"1908\" data-end=\"2021\"><strong data-start=\"1908\" data-end=\"1917\">20:00<\/strong> \u2013 Anton Grego: <strong data-start=\"1933\" data-end=\"1962\">\u201cThe Life of an Olympian\u201d<\/strong> \u2013 lecture<br data-start=\"1972\" data-end=\"1975\" \/>DUBoak Maritime Heritage Interpretation Centre<\/p>\n<h3 data-section-id=\"1395apu\" data-start=\"2023\" data-end=\"2048\">THURSDAY, 3 SEPTEMBER<\/h3>\n<p data-start=\"2050\" data-end=\"2183\"><strong data-start=\"2050\" data-end=\"2065\">18:00\u201322:00<\/strong> \u2013 <strong data-start=\"2068\" data-end=\"2091\">\u201cMasters of Brudet\u201d<\/strong> \u2013 traditional fish stew cooking competition, with a live performance by <strong data-start=\"2164\" data-end=\"2183\">Trio Crikvenica<\/strong><\/p>\n<p data-start=\"2185\" data-end=\"2224\"><strong data-start=\"2185\" data-end=\"2200\">19:00\u201320:00<\/strong> \u2013 Fish-salting workshop<\/p>\n<p data-start=\"2226\" data-end=\"2250\">Ivana Klobu\u010dari\u0107a Square<\/p>\n<h3 data-section-id=\"w801ao\" data-start=\"2252\" data-end=\"2275\">FRIDAY, 4 SEPTEMBER<\/h3>\n<p data-start=\"2277\" data-end=\"2336\"><strong data-start=\"2277\" data-end=\"2292\">17:00\u201319:00<\/strong> \u2013 Traditional Boat Showcase<br data-start=\"2320\" data-end=\"2323\" \/>Port of Porat<\/p>\n<p data-start=\"2338\" data-end=\"2444\"><strong data-start=\"2338\" data-end=\"2353\">19:00\u201320:00<\/strong> \u2013 <strong data-start=\"2356\" data-end=\"2379\">\u201cFrom Port to Port\u201d<\/strong> \u2013 demonstration sailing with traditional boats<br data-start=\"2426\" data-end=\"2429\" \/>Malinska waters<\/p>\n<p data-start=\"2446\" data-end=\"2574\"><strong data-start=\"2446\" data-end=\"2461\">19:00\u201300:00<\/strong> \u2013 Evening festival with food and drinks and a live performance by <strong data-start=\"2528\" data-end=\"2545\">Klapa Intriga<\/strong><br data-start=\"2545\" data-end=\"2548\" \/>Croatian Defenders\u2019 Square<\/p>\n<p data-start=\"2576\" data-end=\"2670\"><strong data-start=\"2576\" data-end=\"2591\">20:00\u201321:00<\/strong> \u2013 <strong data-start=\"2594\" data-end=\"2621\">\u201cDance Under the Stars\u201d<\/strong> \u2013 nighttime demonstration sailing in the harbour<\/p>\n<h3 data-section-id=\"1obbex9\" data-start=\"2672\" data-end=\"2697\">SATURDAY, 5 SEPTEMBER<\/h3>\n<p data-start=\"2699\" data-end=\"2761\"><strong data-start=\"2699\" data-end=\"2714\">10:00\u201312:00<\/strong> \u2013 Traditional Boat Showcase<br data-start=\"2742\" data-end=\"2745\" \/>Port of Malinska<\/p>\n<p data-start=\"2763\" data-end=\"2888\"><strong data-start=\"2763\" data-end=\"2778\">12:00\u201316:00<\/strong> \u2013 Start of the traditional boat regatta \u2013 <strong data-start=\"2821\" data-end=\"2846\">Nikola Juri\u0107 Memorial<\/strong><br data-start=\"2846\" data-end=\"2849\" \/>Malinska harbour and surrounding waters<\/p>\n<p data-start=\"2890\" data-end=\"2972\"><strong data-start=\"2890\" data-end=\"2899\">19:00<\/strong> \u2013 Announcement of results and awards ceremony<br data-start=\"2945\" data-end=\"2948\" \/>Ivana Klobu\u010dari\u0107a Square<\/p>\n<p data-start=\"2974\" data-end=\"3121\"><strong data-start=\"2974\" data-end=\"2983\">19:30<\/strong> \u2013 Evening festival with food and drinks \u2013 live performances by <strong data-start=\"3047\" data-end=\"3070\">Marko \u0160kugor &amp; Band<\/strong> and <strong data-start=\"3075\" data-end=\"3092\">Dellboys Band<\/strong><br data-start=\"3092\" data-end=\"3095\" \/>Croatian Defenders\u2019 Square<\/p>\n<h3 data-section-id=\"4smwh3\" data-start=\"3123\" data-end=\"3146\">SUNDAY, 6 SEPTEMBER<\/h3>\n<div class=\"qMYqUG_convSearchResultHighlightRoot\">\n<div class=\"\" data-turn-id-container=\"request-WEB:5c89a4c0-f151-412e-9f3c-475208875dff-9\" data-is-intersecting=\"true\">\n<section class=\"text-token-text-primary w-full focus:outline-none has-data-writing-block:pointer-events-none [&amp;:has([data-writing-block])&gt;*]:pointer-events-auto R6Vx5W_threadScrollVars scroll-mb-[calc(var(--scroll-root-safe-area-inset-bottom,0px)+var(--thread-response-height))] scroll-mt-[calc(var(--header-height)+min(200px,max(70px,20svh)))]\" dir=\"auto\" data-turn-id=\"request-WEB:5c89a4c0-f151-412e-9f3c-475208875dff-9\" data-turn-id-container=\"request-WEB:5c89a4c0-f151-412e-9f3c-475208875dff-9\" data-testid=\"conversation-turn-20\" data-turn=\"assistant\">\n<div class=\"text-base my-auto mx-auto pb-8 [--thread-content-margin:var(--thread-content-margin-xs,calc(var(--spacing)*4))] @w-sm\/main:[--thread-content-margin:var(--thread-content-margin-sm,calc(var(--spacing)*6))] @w-lg\/main:[--thread-content-margin:var(--thread-content-margin-lg,calc(var(--spacing)*16))] px-(--thread-content-margin)\">\n<div class=\"[--thread-content-max-width:40rem] @w-lg\/main:[--thread-content-max-width:48rem] mx-auto max-w-(--thread-content-max-width) flex-1 group\/turn-messages focus-visible:outline-hidden relative flex w-full min-w-0 flex-col agent-turn\" data-conversation-screenshot-content=\"\">\n<div class=\"flex max-w-full flex-col gap-4 grow\">\n<div class=\"min-h-8 text-message relative flex w-full flex-col items-end gap-2 text-start break-words whitespace-normal outline-none keyboard-focused:focus-ring [.text-message+&amp;]:mt-1\" dir=\"auto\" tabindex=\"0\" data-message-author-role=\"assistant\" data-message-id=\"3b1abec0-88d4-47dc-b2b9-eea2e5699ece\" data-message-model-slug=\"gpt-5-6\" data-turn-start-message=\"true\">\n<div class=\"flex w-full flex-col gap-1 empty:hidden\">\n<div class=\"fbskMG_root markdown prose dark:prose-invert wrap-break-word w-full light markdown-new-styling\">\n<p class=\"PDq2pG_selectionAnchorContainer\" data-start=\"0\" data-end=\"159\"><strong data-start=\"0\" data-end=\"114\">11:00\u201314:00 \u2013 \u201cRoses of the Sea\u201d, the first regatta of traditional boats with all-female crews in the Adriatic<\/strong><br data-start=\"114\" data-end=\"117\" \/><em data-start=\"117\" data-end=\"159\">Malinska, harbour and surrounding waters<\/em><\/p>\n<p data-start=\"161\" data-end=\"340\"><strong data-start=\"161\" data-end=\"191\">14:00 \u2013 End of the regatta<\/strong>, followed by a gathering and awards ceremony on the rooftop of the <strong data-start=\"259\" data-end=\"309\">DUBoak Maritime Heritage Interpretation Centre<\/strong>, featuring <strong data-start=\"321\" data-end=\"340\" data-is-only-node=\"\">DJ ANA ANTONOVA<\/strong><\/p>\n<p data-start=\"342\" data-end=\"447\" data-is-last-node=\"\" data-is-only-node=\"\"><strong data-start=\"342\" data-end=\"394\">16:00\u201318:00 \u2013 Hauling the boats out of the water<\/strong> (crane \/ Krk County Port Authority, Malinska Branch)<\/p>\n<\/div>\n<\/div>\n<\/div>\n<\/div>\n<h1 class=\"z-0 flex min-h-[46px] justify-start\"><\/h1>\n<\/div>\n<div class=\"[--thread-content-max-width:40rem] @w-lg\/main:[--thread-content-max-width:48rem] mx-auto max-w-(--thread-content-max-width) flex-1\" data-conversation-screenshot-content=\"\">\n<div>\n<h1 class=\"PDq2pG_selectionAnchorContainer\" data-start=\"0\" data-end=\"22\"><strong data-start=\"0\" data-end=\"22\">REGISTRATION FORMS<\/strong><\/h1>\n<p data-start=\"24\" data-end=\"121\"><strong data-start=\"24\" data-end=\"81\">REGISTRATION FOR THE <em data-start=\"47\" data-end=\"78\">Nikola Juri\u0107 Memorial Regatta<\/em>:<\/strong><br data-start=\"81\" data-end=\"84\" \/><span class=\"contents\" data-content-reference-start=\"84\" data-content-reference-end=\"143\"><span class=\"\" data-state=\"closed\"><a class=\"decorated-link\" href=\"https:\/\/forms.gle\/3e3rdnHwnWFQSvm48?utm_source=chatgpt.com\" target=\"_blank\" rel=\"noopener\">Registration form<\/a><\/span><\/span><\/p>\n<p data-start=\"123\" data-end=\"215\" data-is-last-node=\"\" data-is-only-node=\"\"><strong data-start=\"123\" data-end=\"175\">REGISTRATION FOR THE <em data-start=\"146\" data-end=\"164\">Roses of the Sea<\/em> Regatta:<\/strong><br data-start=\"175\" data-end=\"178\" \/><span class=\"contents\" data-content-reference-start=\"200\" data-content-reference-end=\"259\"><span class=\"\" data-state=\"delayed-open\" aria-describedby=\"radix-_r_118_\" data-radix-popper-side=\"top\" data-radix-popper-align=\"start\"><a class=\"decorated-link\" href=\"https:\/\/forms.gle\/CjoySnGvyfn4TULT8?utm_source=chatgpt.com\" target=\"_blank\" rel=\"noopener\" aria-describedby=\"radix-_r_118_\">Registration form<\/a><\/span><\/span><\/p>\n<\/div>\n<\/div>\n<\/div>\n<\/section>\n<\/div>\n<\/div>\n<h2 data-section-id=\"14744gz\" data-start=\"3394\" data-end=\"3414\">Additional Events<\/h2>\n<h3 data-section-id=\"elib9o\" data-start=\"3416\" data-end=\"3459\">Exhibition \u201cSunken Ships of Our Region\u201d<\/h3>\n<p data-start=\"3461\" data-end=\"3548\"><strong data-start=\"3461\" data-end=\"3484\">26 July\u20136 September<\/strong><br data-start=\"3484\" data-end=\"3487\" \/>Rooftop of the DUBoak Maritime Heritage Interpretation Centre<\/p>\n<h3 data-section-id=\"161yafp\" data-start=\"3550\" data-end=\"3595\">Sailing School for Adults \u2013 FULLY BOOKED!<\/h3>\n<p data-start=\"3597\" data-end=\"3663\" data-is-last-node=\"\" data-is-only-node=\"\"><strong data-start=\"3597\" data-end=\"3627\">30 August\u20134 September 2026<\/strong><br data-start=\"3627\" data-end=\"3630\" \/>Registration: <strong data-start=\"3644\" data-end=\"3663\" data-is-last-node=\"\"><a class=\"decorated-link cursor-pointer\" rel=\"noopener\" data-start=\"3646\" data-end=\"3661\">info@duboak.org<\/a><\/strong><\/p>\n<\/div>\n<\/div>\n<\/div>\n<\/div>\n<\/div>\n<\/div>\n<\/section>\n<\/div>\n<\/div>\n","protected":false},"excerpt":{"rendered":"<p>Homo na jidra 2026 \u2013 Event Programme From 28 August to 6 September 2026, Malinska will once again celebrate the sea, tradition and maritime heritage. Homo na jidra 2026 brings [&hellip;]<\/p>\n","protected":false},"featured_media":29524,"template":"","meta":{"_tribe_events_status":"","_tribe_events_status_reason":"","footnotes":""},"tags":[],"tribe_events_cat":[],"class_list":["post-29391","tribe_events","type-tribe_events","status-publish","has-post-thumbnail","hentry"],"yoast_head":"<!-- This site is optimized with the Yoast SEO plugin v28.4 - https:\/\/yoast.com\/product\/yoast-seo-wordpress\/ -->\n<title>Homo na jidra 2026. - Krk Events<\/title>\n<meta name=\"robots\" content=\"index, follow, max-snippet:-1, max-image-preview:large, max-video-preview:-1\" \/>\n<link rel=\"canonical\" href=\"https:\/\/krkevents.com\/en\/event\/homo-na-jidra-2026-2\/\" \/>\n<meta property=\"og:locale\" content=\"en_US\" \/>\n<meta property=\"og:type\" content=\"article\" \/>\n<meta property=\"og:title\" content=\"Homo na jidra 2026. - Krk Events\" \/>\n<meta property=\"og:description\" content=\"Homo na jidra 2026 \u2013 Event Programme From 28 August to 6 September 2026, Malinska will once again celebrate the sea, tradition and maritime heritage. Homo na jidra 2026 brings [&hellip;]\" \/>\n<meta property=\"og:url\" content=\"https:\/\/krkevents.com\/en\/event\/homo-na-jidra-2026-2\/\" \/>\n<meta property=\"og:site_name\" content=\"Krk Events\" \/>\n<meta property=\"article:modified_time\" content=\"2026-08-21T17:29:00+00:00\" \/>\n<meta property=\"og:image\" content=\"https:\/\/krkevents.com\/wp-content\/uploads\/2026\/08\/facebook-instagram-02-02-scaled.webp\" \/>\n\t<meta property=\"og:image:width\" content=\"2560\" \/>\n\t<meta property=\"og:image:height\" content=\"2560\" \/>\n\t<meta property=\"og:image:type\" content=\"image\/webp\" \/>\n<meta name=\"twitter:card\" content=\"summary_large_image\" \/>\n<meta name=\"twitter:label1\" content=\"Est. reading time\" \/>\n\t<meta name=\"twitter:data1\" content=\"3 minutes\" \/>\n<script type=\"application\/ld+json\" class=\"yoast-schema-graph\">{\"@context\":\"https:\\\/\\\/schema.org\",\"@graph\":[{\"@type\":\"WebPage\",\"@id\":\"https:\\\/\\\/krkevents.com\\\/en\\\/event\\\/homo-na-jidra-2026-2\\\/\",\"url\":\"https:\\\/\\\/krkevents.com\\\/en\\\/event\\\/homo-na-jidra-2026-2\\\/\",\"name\":\"Homo na jidra 2026. - Krk Events\",\"isPartOf\":{\"@id\":\"https:\\\/\\\/krkevents.com\\\/en\\\/#website\"},\"primaryImageOfPage\":{\"@id\":\"https:\\\/\\\/krkevents.com\\\/en\\\/event\\\/homo-na-jidra-2026-2\\\/#primaryimage\"},\"image\":{\"@id\":\"https:\\\/\\\/krkevents.com\\\/en\\\/event\\\/homo-na-jidra-2026-2\\\/#primaryimage\"},\"thumbnailUrl\":\"https:\\\/\\\/krkevents.com\\\/wp-content\\\/uploads\\\/2026\\\/08\\\/facebook-instagram-02-02-scaled.webp\",\"datePublished\":\"2026-08-14T11:32:31+00:00\",\"dateModified\":\"2026-08-21T17:29:00+00:00\",\"breadcrumb\":{\"@id\":\"https:\\\/\\\/krkevents.com\\\/en\\\/event\\\/homo-na-jidra-2026-2\\\/#breadcrumb\"},\"inLanguage\":\"en-US\",\"potentialAction\":[{\"@type\":\"ReadAction\",\"target\":[\"https:\\\/\\\/krkevents.com\\\/en\\\/event\\\/homo-na-jidra-2026-2\\\/\"]}]},{\"@type\":\"ImageObject\",\"inLanguage\":\"en-US\",\"@id\":\"https:\\\/\\\/krkevents.com\\\/en\\\/event\\\/homo-na-jidra-2026-2\\\/#primaryimage\",\"url\":\"https:\\\/\\\/krkevents.com\\\/wp-content\\\/uploads\\\/2026\\\/08\\\/facebook-instagram-02-02-scaled.webp\",\"contentUrl\":\"https:\\\/\\\/krkevents.com\\\/wp-content\\\/uploads\\\/2026\\\/08\\\/facebook-instagram-02-02-scaled.webp\",\"width\":2560,\"height\":2560},{\"@type\":\"BreadcrumbList\",\"@id\":\"https:\\\/\\\/krkevents.com\\\/en\\\/event\\\/homo-na-jidra-2026-2\\\/#breadcrumb\",\"itemListElement\":[{\"@type\":\"ListItem\",\"position\":1,\"name\":\"Po\u010detna stranica\",\"item\":\"https:\\\/\\\/krkevents.com\\\/en\\\/elementor-30\\\/\"},{\"@type\":\"ListItem\",\"position\":2,\"name\":\"Events\",\"item\":\"https:\\\/\\\/krkevents.com\\\/en\\\/dogadjanja\\\/\"},{\"@type\":\"ListItem\",\"position\":3,\"name\":\"Homo na jidra 2026.\"}]},{\"@type\":\"WebSite\",\"@id\":\"https:\\\/\\\/krkevents.com\\\/en\\\/#website\",\"url\":\"https:\\\/\\\/krkevents.com\\\/en\\\/\",\"name\":\"Krk Events\",\"description\":\"Events calendar for the island of Krk\",\"publisher\":{\"@id\":\"https:\\\/\\\/krkevents.com\\\/en\\\/#organization\"},\"potentialAction\":[{\"@type\":\"SearchAction\",\"target\":{\"@type\":\"EntryPoint\",\"urlTemplate\":\"https:\\\/\\\/krkevents.com\\\/en\\\/?s={search_term_string}\"},\"query-input\":{\"@type\":\"PropertyValueSpecification\",\"valueRequired\":true,\"valueName\":\"search_term_string\"}}],\"inLanguage\":\"en-US\"},{\"@type\":\"Organization\",\"@id\":\"https:\\\/\\\/krkevents.com\\\/en\\\/#organization\",\"name\":\"The island of Krk events calendar\",\"url\":\"https:\\\/\\\/krkevents.com\\\/en\\\/\",\"logo\":{\"@type\":\"ImageObject\",\"inLanguage\":\"en-US\",\"@id\":\"https:\\\/\\\/krkevents.com\\\/en\\\/#\\\/schema\\\/logo\\\/image\\\/\",\"url\":\"https:\\\/\\\/krkevents.com\\\/wp-content\\\/uploads\\\/2023\\\/09\\\/TZOK_KnjigaStandarda-2-11-5.png\",\"contentUrl\":\"https:\\\/\\\/krkevents.com\\\/wp-content\\\/uploads\\\/2023\\\/09\\\/TZOK_KnjigaStandarda-2-11-5.png\",\"width\":501,\"height\":286,\"caption\":\"The island of Krk events calendar\"},\"image\":{\"@id\":\"https:\\\/\\\/krkevents.com\\\/en\\\/#\\\/schema\\\/logo\\\/image\\\/\"}}]}<\/script>\n<!-- \/ Yoast SEO plugin. -->","yoast_head_json":{"title":"Homo na jidra 2026. - Krk Events","robots":{"index":"index","follow":"follow","max-snippet":"max-snippet:-1","max-image-preview":"max-image-preview:large","max-video-preview":"max-video-preview:-1"},"canonical":"https:\/\/krkevents.com\/en\/event\/homo-na-jidra-2026-2\/","og_locale":"en_US","og_type":"article","og_title":"Homo na jidra 2026. - Krk Events","og_description":"Homo na jidra 2026 \u2013 Event Programme From 28 August to 6 September 2026, Malinska will once again celebrate the sea, tradition and maritime heritage. Homo na jidra 2026 brings [&hellip;]","og_url":"https:\/\/krkevents.com\/en\/event\/homo-na-jidra-2026-2\/","og_site_name":"Krk Events","article_modified_time":"2026-08-21T17:29:00+00:00","og_image":[{"width":2560,"height":2560,"url":"https:\/\/krkevents.com\/wp-content\/uploads\/2026\/08\/facebook-instagram-02-02-scaled.webp","type":"image\/webp"}],"twitter_card":"summary_large_image","twitter_misc":{"Est. reading time":"3 minutes"},"schema":{"@context":"https:\/\/schema.org","@graph":[{"@type":"WebPage","@id":"https:\/\/krkevents.com\/en\/event\/homo-na-jidra-2026-2\/","url":"https:\/\/krkevents.com\/en\/event\/homo-na-jidra-2026-2\/","name":"Homo na jidra 2026. - Krk Events","isPartOf":{"@id":"https:\/\/krkevents.com\/en\/#website"},"primaryImageOfPage":{"@id":"https:\/\/krkevents.com\/en\/event\/homo-na-jidra-2026-2\/#primaryimage"},"image":{"@id":"https:\/\/krkevents.com\/en\/event\/homo-na-jidra-2026-2\/#primaryimage"},"thumbnailUrl":"https:\/\/krkevents.com\/wp-content\/uploads\/2026\/08\/facebook-instagram-02-02-scaled.webp","datePublished":"2026-08-14T11:32:31+00:00","dateModified":"2026-08-21T17:29:00+00:00","breadcrumb":{"@id":"https:\/\/krkevents.com\/en\/event\/homo-na-jidra-2026-2\/#breadcrumb"},"inLanguage":"en-US","potentialAction":[{"@type":"ReadAction","target":["https:\/\/krkevents.com\/en\/event\/homo-na-jidra-2026-2\/"]}]},{"@type":"ImageObject","inLanguage":"en-US","@id":"https:\/\/krkevents.com\/en\/event\/homo-na-jidra-2026-2\/#primaryimage","url":"https:\/\/krkevents.com\/wp-content\/uploads\/2026\/08\/facebook-instagram-02-02-scaled.webp","contentUrl":"https:\/\/krkevents.com\/wp-content\/uploads\/2026\/08\/facebook-instagram-02-02-scaled.webp","width":2560,"height":2560},{"@type":"BreadcrumbList","@id":"https:\/\/krkevents.com\/en\/event\/homo-na-jidra-2026-2\/#breadcrumb","itemListElement":[{"@type":"ListItem","position":1,"name":"Po\u010detna stranica","item":"https:\/\/krkevents.com\/en\/elementor-30\/"},{"@type":"ListItem","position":2,"name":"Events","item":"https:\/\/krkevents.com\/en\/dogadjanja\/"},{"@type":"ListItem","position":3,"name":"Homo na jidra 2026."}]},{"@type":"WebSite","@id":"https:\/\/krkevents.com\/en\/#website","url":"https:\/\/krkevents.com\/en\/","name":"Krk Events","description":"Events calendar for the island of Krk","publisher":{"@id":"https:\/\/krkevents.com\/en\/#organization"},"potentialAction":[{"@type":"SearchAction","target":{"@type":"EntryPoint","urlTemplate":"https:\/\/krkevents.com\/en\/?s={search_term_string}"},"query-input":{"@type":"PropertyValueSpecification","valueRequired":true,"valueName":"search_term_string"}}],"inLanguage":"en-US"},{"@type":"Organization","@id":"https:\/\/krkevents.com\/en\/#organization","name":"The island of Krk events calendar","url":"https:\/\/krkevents.com\/en\/","logo":{"@type":"ImageObject","inLanguage":"en-US","@id":"https:\/\/krkevents.com\/en\/#\/schema\/logo\/image\/","url":"https:\/\/krkevents.com\/wp-content\/uploads\/2023\/09\/TZOK_KnjigaStandarda-2-11-5.png","contentUrl":"https:\/\/krkevents.com\/wp-content\/uploads\/2023\/09\/TZOK_KnjigaStandarda-2-11-5.png","width":501,"height":286,"caption":"The island of Krk events calendar"},"image":{"@id":"https:\/\/krkevents.com\/en\/#\/schema\/logo\/image\/"}}]}},"_links":{"self":[{"href":"https:\/\/krkevents.com\/en\/wp-json\/wp\/v2\/tribe_events\/29391","targetHints":{"allow":["GET"]}}],"collection":[{"href":"https:\/\/krkevents.com\/en\/wp-json\/wp\/v2\/tribe_events"}],"about":[{"href":"https:\/\/krkevents.com\/en\/wp-json\/wp\/v2\/types\/tribe_events"}],"author":[{"embeddable":true,"href":"https:\/\/krkevents.com\/en\/wp-json\/wp\/v2\/users\/1"}],"version-history":[{"count":3,"href":"https:\/\/krkevents.com\/en\/wp-json\/wp\/v2\/tribe_events\/29391\/revisions"}],"predecessor-version":[{"id":29559,"href":"https:\/\/krkevents.com\/en\/wp-json\/wp\/v2\/tribe_events\/29391\/revisions\/29559"}],"wp:featuredmedia":[{"embeddable":true,"href":"https:\/\/krkevents.com\/en\/wp-json\/wp\/v2\/media\/29524"}],"wp:attachment":[{"href":"https:\/\/krkevents.com\/en\/wp-json\/wp\/v2\/media?parent=29391"}],"wp:term":[{"taxonomy":"post_tag","embeddable":true,"href":"https:\/\/krkevents.com\/en\/wp-json\/wp\/v2\/tags?post=29391"},{"taxonomy":"tribe_events_cat","embeddable":true,"href":"https:\/\/krkevents.com\/en\/wp-json\/wp\/v2\/tribe_events_cat?post=29391"}],"curies":[{"name":"wp","href":"https:\/\/api.w.org\/{rel}","templated":true}]}}